{"id":888,"date":"2021-01-05T07:55:01","date_gmt":"2021-01-05T07:55:01","guid":{"rendered":"https:\/\/duwest.com\/?page_id=888"},"modified":"2021-01-05T07:55:01","modified_gmt":"2021-01-05T07:55:01","slug":"rse","status":"publish","type":"page","link":"https:\/\/duwest.com\/honduras\/rse\/","title":{"rendered":"RSE"},"content":{"rendered":"<div id='header-section-gift'  class='avia-section main_color avia-section-small avia-no-border-styling  avia-bg-style-fixed  avia-builder-el-0  el_before_av_section  avia-builder-el-first   av-minimum-height av-minimum-height-custom  container_wrap fullsize' style=' margin-top:0px; margin-bottom:0px; '  ><div class='container' style='height:100px'><main  role=\"main\" itemprop=\"mainContentOfPage\"  class='template-page content  av-content-full alpha units'><div class='post-entry post-entry-type-page post-entry-888'><div class='entry-content-wrapper clearfix'>\n<div class=\"flex_column av_one_fifth  flex_column_div av-zero-column-padding first  avia-builder-el-1  el_before_av_one_fifth  avia-builder-el-first  \" style='border-radius:0px; '><\/div><div class=\"flex_column av_one_fifth  flex_column_div av-zero-column-padding   avia-builder-el-2  el_after_av_one_fifth  el_before_av_one_fifth  \" style='border-radius:0px; '><\/div><div class=\"flex_column av_one_fifth  flex_column_div av-zero-column-padding   avia-builder-el-3  el_after_av_one_fifth  el_before_av_one_fifth  \" style='border-radius:0px; '><div  class='avia-image-container avia_animated_image avia_animate_when_almost_visible bottom-to-top av-styling-circle    avia-builder-el-4  avia-builder-el-no-sibling  avia-align-center '  itemprop=\"image\" itemscope=\"itemscope\" itemtype=\"https:\/\/schema.org\/ImageObject\"  ><div class='avia-image-container-inner'><div class='avia-image-overlay-wrap'><img class='wp-image-1098 avia-img-lazy-loading-not-1098 avia_image' src=\"https:\/\/duwest.com\/honduras\/wp-content\/uploads\/sites\/6\/2021\/01\/Bosque_web-2.gif\" alt='' title='Bosque_web' height=\"401\" width=\"400\"  itemprop=\"thumbnailUrl\"  \/><\/div><\/div><\/div><\/div><div class=\"flex_column av_one_fifth  flex_column_div av-zero-column-padding   avia-builder-el-5  el_after_av_one_fifth  el_before_av_one_fifth  \" style='border-radius:0px; '><\/div><div class=\"flex_column av_one_fifth  flex_column_div av-zero-column-padding   avia-builder-el-6  el_after_av_one_fifth  avia-builder-el-last  \" style='border-radius:0px; '><\/div>\n\n<\/div><\/div><\/main><!-- close content main element --><\/div><\/div><div id='section-title-icono'  class='avia-section main_color avia-section-default avia-no-border-styling  avia-bg-style-scroll  avia-builder-el-7  el_after_av_section  el_before_av_textblock   container_wrap fullsize' style='background-color: #008834;  '  ><div class='container' ><div class='template-page content  av-content-full alpha units'><div class='post-entry post-entry-type-page post-entry-888'><div class='entry-content-wrapper clearfix'>\n<div class=\"flex_column av_one_full  flex_column_div av-zero-column-padding first  avia-builder-el-8  avia-builder-el-no-sibling  Concenos \" style='border-radius:0px; ' id=\"Concenos\" ><section class=\"av_textblock_section \"  id=\"titleicono\"  itemscope=\"itemscope\" itemtype=\"https:\/\/schema.org\/CreativeWork\" ><div class='avia_textblock  av_inherit_color '  style='color:#a0c667; '  itemprop=\"text\" ><h1 style=\"text-align: center\">\u00a0RESPONSABILIDAD SOCIAL EMPRESARIAL<\/h1>\n<\/div><\/section><\/div>\n<\/div><\/div><\/div><!-- close content main div --><\/div><\/div><div id='after_section_2'  class='main_color av_default_container_wrap container_wrap fullsize' style=' '  ><div class='container' ><div class='template-page content  av-content-full alpha units'><div class='post-entry post-entry-type-page post-entry-888'><div class='entry-content-wrapper clearfix'>\n<section class=\"av_textblock_section \"  itemscope=\"itemscope\" itemtype=\"https:\/\/schema.org\/CreativeWork\" ><div class='avia_textblock  '   itemprop=\"text\" ><p>Grupo Duwest desarrolla un amplio programa social con el objetivo de apoyar la educaci\u00f3n y formaci\u00f3n de ni\u00f1os y j\u00f3venes guatemaltecos de escasos recursos, a trav\u00e9s de diversos proyectos e iniciativas que est\u00e1n apegadas a nuestros valores fundamentales. El Grupo Duwest contribuye a que los individuos y la comunidad misma mejore sus capacidades y en consecuencia, su calidad de vida. Algunos de los proyectos en los cuales brinda su apoyo el Grupo Duwest se encuentran:<\/p>\n<\/div><\/section>\n<\/div><\/div><\/div><!-- close content main div --><\/div><\/div><div id='av_section_3'  class='avia-section main_color avia-section-default avia-no-border-styling  avia-bg-style-scroll  avia-builder-el-11  el_after_av_textblock  el_before_av_section   container_wrap fullsize' style='background-color: #008834;  '  ><div class='container' ><div class='template-page content  av-content-full alpha units'><div class='post-entry post-entry-type-page post-entry-888'><div class='entry-content-wrapper clearfix'>\n<div class=\"flex_column av_one_half  flex_column_div av-zero-column-padding first  avia-builder-el-12  el_before_av_one_half  avia-builder-el-first  \" style='border-radius:0px; '><section class=\"av_textblock_section \"  itemscope=\"itemscope\" itemtype=\"https:\/\/schema.org\/CreativeWork\" ><div class='avia_textblock  '   itemprop=\"text\" ><h3 style=\"text-align: center\"><span style=\"color: #ffffff\">ASOCIACI\u00d3N BECARIA DE GUATEMALA<\/span><\/h3>\n<\/div><\/section><br \/>\n<section class=\"av_textblock_section \"  itemscope=\"itemscope\" itemtype=\"https:\/\/schema.org\/CreativeWork\" ><div class='avia_textblock  '   itemprop=\"text\" ><p><span style=\"color: #ffffff\">Instituci\u00f3n que brinda becas para educaci\u00f3n formal a ni\u00f1os y j\u00f3venes, prepar\u00e1ndolos de forma integral para fortalecer su liderazgo positivo y su participaci\u00f3n en la comunidad. Cincuenta a\u00f1os despu\u00e9s la Asociaci\u00f3n Becaria Guatemalteca ha becado j\u00f3venes guatemaltecos tanto en Guatemala como en el extranjero. Estos guatemaltecos tuvieron la oportunidad de una educaci\u00f3n biling\u00fce en colegios reconocidos por su calidad acad\u00e9mica, abri\u00e9ndoles las puertas a otras oportunidades de estudio y preparaci\u00f3n profesional que de otra manera hubiera sido dif\u00edcil encontrar. Nuestros ex-becados han sobresalido en diversas ramas profesionales y ahora forman parte de una ciudadan\u00eda responsable y comprometida con el desarrollo de Guatemala.<\/span><\/p>\n<\/div><\/section><br \/>\n<div  class='avia-button-wrap avia-button-center  avia-builder-el-15  el_after_av_textblock  avia-builder-el-last ' ><a href='http:\/\/www.abg-uwc.org\/' class='avia-button  avia-color-theme-color   avia-icon_select-yes-left-icon avia-size-small avia-position-center ' target=\"_blank\" rel=\"noopener noreferrer\"><span class='avia_button_icon avia_button_icon_left ' aria-hidden='true' data-av_icon='\ue8c9' data-av_iconfont='entypo-fontello'><\/span><span class='avia_iconbox_title' >Abg<\/span><\/a><\/div><\/p><\/div><div class=\"flex_column av_one_half  flex_column_div av-zero-column-padding   avia-builder-el-16  el_after_av_one_half  avia-builder-el-last  \" style='border-radius:0px; '><section class=\"av_textblock_section \"  itemscope=\"itemscope\" itemtype=\"https:\/\/schema.org\/CreativeWork\" ><div class='avia_textblock  '   itemprop=\"text\" ><h3 style=\"text-align: center\"><span style=\"color: #ffffff\">FUNDAMEX<\/span><\/h3>\n<\/div><\/section><br \/>\n<section class=\"av_textblock_section \"  itemscope=\"itemscope\" itemtype=\"https:\/\/schema.org\/CreativeWork\" ><div class='avia_textblock  '   itemprop=\"text\" ><p><span style=\"color: #ffffff\">Es una organizaci\u00f3n no lucrativa con la finalidad primordial de colaborar en el desarrollo educacional y cultural de La Rep\u00fablica de Guatemala y tambi\u00e9n servir como enlace entre personas individuales o jur\u00eddicas mexicanas y la comunidad guatemalteca y mexicana en el pa\u00eds. Centro Educativo Rotario Benito Ju\u00e1rez apoya a ni\u00f1os y j\u00f3venes capaces, con talento y de escasos recursos econ\u00f3micos para que puedan ingresar a estudiar bajo un alto nivel acad\u00e9mico y luego puedan ingresar a la universidad y ayudarles a formar un mejor futuro para ellos, sus familias y su patria.<\/span><\/p>\n<\/div><\/section><br \/>\n<div  class='avia-button-wrap avia-button-center  avia-builder-el-19  el_after_av_textblock  avia-builder-el-last ' ><a href='https:\/\/www.facebook.com\/fundamex.org\/' class='avia-button  avia-color-theme-color   avia-icon_select-yes-left-icon avia-size-small avia-position-center ' target=\"_blank\" rel=\"noopener noreferrer\"><span class='avia_button_icon avia_button_icon_left ' aria-hidden='true' data-av_icon='\ue84f' data-av_iconfont='entypo-fontello'><\/span><span class='avia_iconbox_title' >Fundamex<\/span><\/a><\/div><\/p><\/div>\n\n<\/div><\/div><\/div><!-- close content main div --><\/div><\/div><div id='crese'  class='avia-section main_color avia-section-default avia-no-border-styling  avia-bg-style-scroll  avia-builder-el-20  el_after_av_section  el_before_av_section   container_wrap fullsize' style=' '  ><div class='container' ><div class='template-page content  av-content-full alpha units'><div class='post-entry post-entry-type-page post-entry-888'><div class='entry-content-wrapper clearfix'>\n<div class=\"flex_column av_one_third  flex_column_div av-zero-column-padding first  avia-builder-el-21  el_before_av_one_third  avia-builder-el-first  \" style='border-radius:0px; '><\/div><div class=\"flex_column av_one_third  av-animated-generic fade-in  flex_column_div av-zero-column-padding   avia-builder-el-22  el_after_av_one_third  el_before_av_one_third  \" style='border-radius:0px; '><div  class='avia-image-container  av-styling-    avia-builder-el-23  avia-builder-el-no-sibling  avia-align-center '  itemprop=\"image\" itemscope=\"itemscope\" itemtype=\"https:\/\/schema.org\/ImageObject\"  ><div class='avia-image-container-inner'><div class='avia-image-overlay-wrap'><img class='wp-image-1024 avia-img-lazy-loading-not-1024 avia_image' src=\"https:\/\/duwest.com\/honduras\/wp-content\/uploads\/sites\/6\/2021\/01\/Crese.jpg\" alt='' title='Crese' height=\"290\" width=\"700\"  itemprop=\"thumbnailUrl\" srcset=\"https:\/\/duwest.com\/honduras\/wp-content\/uploads\/sites\/6\/2021\/01\/Crese.jpg 700w, https:\/\/duwest.com\/honduras\/wp-content\/uploads\/sites\/6\/2021\/01\/Crese-300x124.jpg 300w\" sizes=\"(max-width: 700px) 100vw, 700px\" \/><\/div><\/div><\/div><\/div><div class=\"flex_column av_one_third  flex_column_div av-zero-column-padding   avia-builder-el-24  el_after_av_one_third  avia-builder-el-last  \" style='border-radius:0px; '><\/div>\n\n<\/div><\/div><\/div><!-- close content main div --><\/div><\/div><div id='av_section_5'  class='avia-section main_color avia-section-default avia-no-border-styling  avia-bg-style-scroll  avia-builder-el-25  el_after_av_section  el_before_av_section   container_wrap fullsize' style='background-color: #008834;  '  ><div class='container' ><div class='template-page content  av-content-full alpha units'><div class='post-entry post-entry-type-page post-entry-888'><div class='entry-content-wrapper clearfix'>\n<section class=\"av_textblock_section \"  itemscope=\"itemscope\" itemtype=\"https:\/\/schema.org\/CreativeWork\" ><div class='avia_textblock  '   itemprop=\"text\" ><p><strong><span style=\"color: #ffffff\">A partir de septiembre del a\u00f1o 2003, el Grupo Duwest comienza a formar parte de las empresas del sector privado que apoyan a Fondo Unido de Guatemala (fondo@unitedway.org.gt), una Organizaci\u00f3n sin fines de lucro con proyecci\u00f3n social que ayuda a las personas y comunidades m\u00e1s necesitadas de Guatemala.<\/span><\/strong><\/p>\n<p><strong><span style=\"color: #ffffff\">A trav\u00e9s de contribuciones financieras y con la participaci\u00f3n voluntaria y activa de la Junta Directiva y colaboradores, el Grupo Duwest apoya organizaciones no lucrativas y programas dirigidos a uno o m\u00e1s proyectos. Dentro de los programas de proyecci\u00f3n social empresarial en los que el Grupo Duwest ha brindado su apoyo a trav\u00e9s de la alianza que conformara con Fondo Unido de Guatemala se encuentran: Proyecto Roca de Ayuda, Camino Seguro, Semillas de Esperanza, Albergue Hermano Pedro, Club Rotario de Guatemala, Cabecitas de Algod\u00f3n, entre otros.<\/span><\/strong><\/p>\n<h2 style=\"text-align: center\"><strong><span style=\"color: #ffffff\">Voluntariado Corporativo<\/span><\/strong><\/h2>\n<p><strong><span style=\"color: #ffffff\">El Voluntariado Corporativo se centra en proyectos realizados por los colaboradores del Grupo Duwest que ofrecen su tiempo y esfuerzo con el objetivo de realizar una Acci\u00f3n Social determinada. La filosof\u00eda de los programas y actividades son la de consolidar los v\u00ednculos entre la empresa y la comunidad a trav\u00e9s de acciones ligadas al desarrollo y a la sostenibilidad.<\/span><\/strong><\/p>\n<\/div><\/section>\n\n<\/div><\/div><\/div><!-- close content main div --><\/div><\/div><div id='av_section_6'  class='avia-section main_color avia-section-default avia-no-border-styling  av-parallax-section avia-bg-style-parallax  avia-builder-el-27  el_after_av_section  el_before_av_section   av-minimum-height av-minimum-height-30  container_wrap fullsize' style=' '  data-section-bg-repeat='no-repeat' data-av_minimum_height_pc='30'><div class='av-parallax' data-avia-parallax-ratio='0.3' ><div class='av-parallax-inner main_color  avia-full-stretch' style = 'background-repeat: no-repeat; background-image: url(https:\/\/duwest.com\/honduras\/wp-content\/uploads\/sites\/6\/2021\/01\/Fondo-B.jpg);background-attachment: scroll; background-position: center center; ' ><\/div><\/div><div class='container' ><div class='template-page content  av-content-full alpha units'><div class='post-entry post-entry-type-page post-entry-888'><div class='entry-content-wrapper clearfix'>\n<\/div><\/div><\/div><!-- close content main div --><\/div><\/div><div id='seguridad-y-medio-ambiente'  class='avia-section main_color avia-section-default avia-no-border-styling  avia-bg-style-scroll  avia-builder-el-28  el_after_av_section  el_before_av_section   container_wrap fullsize' style=' '  ><div class='container' ><div class='template-page content  av-content-full alpha units'><div class='post-entry post-entry-type-page post-entry-888'><div class='entry-content-wrapper clearfix'>\n<section class=\"av_textblock_section \"  itemscope=\"itemscope\" itemtype=\"https:\/\/schema.org\/CreativeWork\" ><div class='avia_textblock  '   itemprop=\"text\" ><h1 style=\"text-align: center\">SEGURIDAD Y MEDIO AMBIENTE<\/h1>\n<\/div><\/section>\n<section class=\"av_textblock_section \"  itemscope=\"itemscope\" itemtype=\"https:\/\/schema.org\/CreativeWork\" ><div class='avia_textblock  '   itemprop=\"text\" ><p>Desde sus inicios el Grupo Duwest se ha preocupado en conservar y fomentar el cuidado de los recursos naturales que nos rodean, esto se ha demostrado a trav\u00e9s de los proyectos que han encausado y apoyado en com\u00fan con sus colaboradores. Trabajamos fuertemente para mejorar nuestros procesos, pr\u00e1cticas y productos, los cuales nos permitir\u00e1n disminuir nuestro impacto ambiental a un m\u00ednimo factible, para el beneficio de la industria y sociedad. Somos una organizaci\u00f3n comprometida a promover el manejo seguro y responsable con el Medio Ambiente de nuestros productos durante su ciclo de vida, mediante la aplicaci\u00f3n de pr\u00e1cticas administrativas basadas en los principios generales de Responsabilidad Integral. Es pol\u00edtica del Grupo Duwest dirigir sus actividades para proporcionar beneficios a la sociedad, asegurando el cumplimiento de las leyes vigentes.<\/p>\n<\/div><\/section>\n\n<\/div><\/div><\/div><!-- close content main div --><\/div><\/div><div id='av_section_8'  class='avia-section main_color avia-section-default avia-no-border-styling  avia-bg-style-scroll  avia-builder-el-31  el_after_av_section  el_before_av_section   container_wrap fullsize' style='background-color: #008834;  '  ><div class='container' ><div class='template-page content  av-content-full alpha units'><div class='post-entry post-entry-type-page post-entry-888'><div class='entry-content-wrapper clearfix'>\n<div class=\"flex_column av_one_half  flex_column_div av-zero-column-padding first  avia-builder-el-32  el_before_av_one_half  avia-builder-el-first  \" style='border-radius:0px; '><section class=\"av_textblock_section \"  itemscope=\"itemscope\" itemtype=\"https:\/\/schema.org\/CreativeWork\" ><div class='avia_textblock  '   itemprop=\"text\" ><h3 style=\"text-align: center\"><span style=\"color: #ffffff\">Guauhitemala \u201cLugar de Bosques\u201d<\/span><\/h3>\n<\/div><\/section><br \/>\n<section class=\"av_textblock_section \"  itemscope=\"itemscope\" itemtype=\"https:\/\/schema.org\/CreativeWork\" ><div class='avia_textblock  '   itemprop=\"text\" ><p><span style=\"color: #ffffff\">Desde 1991, el Grupo Duwest consciente de la importancia de conservar los recursos naturales, ha apoyado a Guauhitemala \u201cLugar de Bosques\u201d en la labor de crear una conciencia ambiental en la poblaci\u00f3n guatemalteca, a trav\u00e9s de proyectos educativos, divulgativos y de investigaci\u00f3n sobre: protecci\u00f3n de cuencas y cuidado del agua, reforestaci\u00f3n de bosques, prevenci\u00f3n de incendios, rescate de especies de flora en peligro de extinci\u00f3n, libros bot\u00e1nicos de especies nativas, contaminaci\u00f3n y reciclaje de basura, etc. Al mismo tiempo, Guauhitemala \u201cLugar de Bosques\u201d contribuye a la recaudaci\u00f3n de fondos para la Asociaci\u00f3n Becaria Guatemalteca a trav\u00e9s de 6 vol\u00famenes de sus libros que llevan el mismo nombre, y del libro en ingl\u00e9s Trees in the life of the Maya World publicado recientemente.<\/span><\/p>\n<\/div><\/section><\/p><\/div><div class=\"flex_column av_one_half  flex_column_div av-zero-column-padding   avia-builder-el-35  el_after_av_one_half  avia-builder-el-last  \" style='border-radius:0px; '><section class=\"av_textblock_section \"  itemscope=\"itemscope\" itemtype=\"https:\/\/schema.org\/CreativeWork\" ><div class='avia_textblock  '   itemprop=\"text\" ><h3 style=\"text-align: center\"><span style=\"color: #ffffff\">Proyectos de Reforestaci\u00f3n<\/span><\/h3>\n<\/div><\/section><br \/>\n<section class=\"av_textblock_section \"  itemscope=\"itemscope\" itemtype=\"https:\/\/schema.org\/CreativeWork\" ><div class='avia_textblock  '   itemprop=\"text\" ><p><span style=\"color: #ffffff\">Desde hace m\u00e1s de 15 a\u00f1os, el Grupo Duwest cre\u00f3 un programa para mejorar el h\u00e1bitat y los alrededores de una de sus plantas de producci\u00f3n, haci\u00e9ndose acreedor al premio del mejor bosque de palo blanco del \u00e1rea, otorgado por el Inab.<\/span><\/p>\n<p><span style=\"color: #ffffff\">Actualmente se tiene un total de 73 Has sembradas con distintas especies como Teca, Palo Blanco y Roble. Se tiene un programa anual de resiembra y mantenimiento del bosque que incluye limpias, plateos, raleos, podas, fertilizaci\u00f3n, fumigaciones por plagas, reparaciones de cercos, podas de cercos, rondeos, y en \u00e9pocas secas se realizan rondas contra incendios en forma transversal y longitudinal dentro de todo el bosque para evitar propagaci\u00f3n de incendios.<\/span><\/p>\n<p><span style=\"color: #ffffff\">El \u00e1rea de reforestaci\u00f3n cuenta con un total de 12 personas, 10 de ellas realizan las actividades mencionadas con anterioridad, una persona est\u00e1 fija dentro del complejo realizando limpieza de patios y jardines, y otra persona es el supervisor y encargado de distribuir los trabajos.<\/span><\/p>\n<\/div><\/section><\/p><\/div>\n\n<\/div><\/div><\/div><!-- close content main div --><\/div><\/div><div id='av_section_9'  class='avia-section main_color avia-section-default avia-no-border-styling  av-parallax-section avia-bg-style-parallax  avia-builder-el-38  el_after_av_section  avia-builder-el-last   av-minimum-height av-minimum-height-33  container_wrap fullsize' style=' '  data-section-bg-repeat='no-repeat' data-av_minimum_height_pc='33'><div class='av-parallax' data-avia-parallax-ratio='0.3' ><div class='av-parallax-inner main_color  avia-full-stretch' style = 'background-repeat: no-repeat; background-image: url(https:\/\/duwest.com\/honduras\/wp-content\/uploads\/sites\/6\/2021\/01\/Fondo-E\u0301tica-1.jpg);background-attachment: scroll; background-position: center center; ' ><\/div><\/div><div class='container' ><div class='template-page content  av-content-full alpha units'><div class='post-entry post-entry-type-page post-entry-888'><div class='entry-content-wrapper clearfix'>\n","protected":false},"excerpt":{"rendered":"","protected":false},"author":3,"featured_media":0,"parent":0,"menu_order":0,"comment_status":"closed","ping_status":"closed","template":"","meta":[],"_links":{"self":[{"href":"https:\/\/duwest.com\/honduras\/wp-json\/wp\/v2\/pages\/888"}],"collection":[{"href":"https:\/\/duwest.com\/honduras\/wp-json\/wp\/v2\/pages"}],"about":[{"href":"https:\/\/duwest.com\/honduras\/wp-json\/wp\/v2\/types\/page"}],"author":[{"embeddable":true,"href":"https:\/\/duwest.com\/honduras\/wp-json\/wp\/v2\/users\/3"}],"replies":[{"embeddable":true,"href":"https:\/\/duwest.com\/honduras\/wp-json\/wp\/v2\/comments?post=888"}],"version-history":[{"count":0,"href":"https:\/\/duwest.com\/honduras\/wp-json\/wp\/v2\/pages\/888\/revisions"}],"wp:attachment":[{"href":"https:\/\/duwest.com\/honduras\/wp-json\/wp\/v2\/media?parent=888"}],"curies":[{"name":"wp","href":"https:\/\/api.w.org\/{rel}","templated":true}]}}